{"id":4000,"date":"2023-08-16T08:13:00","date_gmt":"2023-08-16T06:13:00","guid":{"rendered":"https:\/\/reyns-advocaten.be\/privacy-policy\/"},"modified":"2024-09-27T10:06:12","modified_gmt":"2024-09-27T08:06:12","slug":"politique-de-protection-de-la-vie-privee","status":"publish","type":"page","link":"https:\/\/reyns-advocaten.be\/fr\/politique-de-protection-de-la-vie-privee\/","title":{"rendered":"Politique de confidentialit\u00e9"},"content":{"rendered":"\n<p>Propri\u00e9t\u00e9 de :<br><strong>Advocatenkantoor Reyns BV <\/strong>dont le si\u00e8ge social est situ\u00e9 \u00e0 9120 Beveren-Waas, Grote Baan 68 et inscrit \u00e0 la Banque-Carrefour des Entreprises sous le num\u00e9ro 0547.967.648.<br>repr\u00e9sent\u00e9e par M. Ivan Reyns (administrateur) <a href=\"mailto:info@reyns-advocaten.com\">&#8211; info@reyns-advocaten.com<\/a><\/p>\n\n\n\n<h2 class=\"wp-block-heading\"><strong>1.<\/strong> <strong>G\u00e9n\u00e9ralit\u00e9s<\/strong><\/h2>\n\n\n\n<p>Reyns Advocaten effectue tout traitement de donn\u00e9es \u00e0 caract\u00e8re personnel conform\u00e9ment au r\u00e8glement (UE) 2016\/679 du Parlement europ\u00e9en et du Conseil du 27 avril 2016 relatif \u00e0 la protection des personnes physiques \u00e0 l&rsquo;\u00e9gard du traitement des donn\u00e9es \u00e0 caract\u00e8re personnel.<br>Reyns Advocaten est le contr\u00f4leur des donn\u00e9es \u00e0 caract\u00e8re personnel que vous (la personne concern\u00e9e) nous fournissez par le biais du formulaire \u00ab Posez-nous votre question \u00bb. Nous collectons les types de donn\u00e9es suivants aupr\u00e8s de vous :<br>&#8211; Nom de l&rsquo;entreprise ;<br>&#8211; Nom de famille ;<br>&#8211; Nom ; Pr\u00e9nom ;<br>&#8211; Adresse \u00e9lectronique ;<\/p>\n\n\n\n<h2 class=\"wp-block-heading\"><strong>2.<\/strong> <strong>Finalit\u00e9 du traitement<\/strong><\/h2>\n\n\n\n<p>Toutes les donn\u00e9es personnelles ne seront utilis\u00e9es que pour nos op\u00e9rations commerciales standard et la fourniture de nos services, c&rsquo;est-\u00e0-dire pour r\u00e9pondre \u00e0 votre demande et nous permettre de vous contacter \u00e0 votre demande. Votre adresse \u00e9lectronique peut \u00e9galement \u00eatre utilis\u00e9e pour vous envoyer des bulletins d&rsquo;information \u00e0 intervalles r\u00e9guliers. Vous avez le droit de vous d\u00e9sinscrire de cette liste de diffusion \u00e0 tout moment en utilisant le lien appropri\u00e9 dans chaque lettre d&rsquo;information.<br>Nous avons besoin de vos donn\u00e9es personnelles pour vous fournir les services suivants :<br>&#8211; Contact professionnel par t\u00e9l\u00e9phone, e-mail, etc.<br>&#8211; Service \u00e0 votre entreprise et \u00e0 vos employ\u00e9s (r\u00e9ponses \u00e0 vos questions)<br>&#8211; Activit\u00e9s de marketing : bulletin d&rsquo;information num\u00e9rique<\/p>\n\n\n\n<h2 class=\"wp-block-heading\"><strong>3.<\/strong> <strong>Cookies et m\u00e9dias sociaux<\/strong><\/h2>\n\n\n\n<p>En ce qui concerne l&rsquo;utilisation des cookies, veuillez vous r\u00e9f\u00e9rer \u00e0 notre politique en mati\u00e8re de cookies.<br>Reyns Advocaten dispose d&rsquo;une page d&rsquo;entreprise sur les m\u00e9dias sociaux : LinkedIn &amp; Facebook. Ces plateformes sont uniquement utilis\u00e9es pour la communication de l&rsquo;entreprise (distribution de bulletins d&rsquo;information, annonces,&#8230;). En tant que personne concern\u00e9e, vous \u00eates libre de suivre ou non nos plateformes de m\u00e9dias sociaux. Reyns Advocaten n&rsquo;est en aucun cas responsable du traitement de vos donn\u00e9es personnelles par ces canaux externes. Vous voudrez bien vous informer au pr\u00e9alable sur les politiques en mati\u00e8re de cookies et de protection de la vie priv\u00e9e de ces fournisseurs externes.<br>Vous \u00eates libre de vous abonner \u00e0 notre bulletin d&rsquo;information ; ceci est bas\u00e9 sur un consentement non forc\u00e9. Nous conservons la trace de votre consentement dans nos bases de donn\u00e9es. Nous conservons les donn\u00e9es que vous avez saisies pour recevoir notre lettre d&rsquo;information dans notre progiciel central de gestion de la relation client et les utilisons ensuite pour nos activit\u00e9s, sur la base de l&rsquo;int\u00e9r\u00eat l\u00e9gitime du responsable du traitement. Vous avez toujours la possibilit\u00e9 de vous d\u00e9sabonner de notre lettre d&rsquo;information. La d\u00e9sinscription n&rsquo;entra\u00eene pas automatiquement la suppression de vos donn\u00e9es de notre base de donn\u00e9es CRM.<\/p>\n\n\n\n<h2 class=\"wp-block-heading\"><strong>4.<\/strong> <strong>Pas de transfert de vos donn\u00e9es \u00e0 caract\u00e8re personnel<\/strong><\/h2>\n\n\n\n<p>Aucun tiers n&rsquo;a acc\u00e8s \u00e0 vos donn\u00e9es \u00e0 caract\u00e8re personnel, et nous ne transf\u00e9rons pas vos donn\u00e9es \u00e0 caract\u00e8re personnel, sauf si la loi l&rsquo;exige express\u00e9ment.<\/p>\n\n\n\n<h2 class=\"wp-block-heading\"><strong>5.<\/strong> <strong>P\u00e9riode de conservation<\/strong><\/h2>\n\n\n\n<p>Nous conservons toutes les donn\u00e9es personnelles jusqu&rsquo;\u00e0 ce que vous nous informiez que vous ne souhaitez plus recevoir ces informations.<\/p>\n\n\n\n<h2 class=\"wp-block-heading\"><strong>6.<\/strong> <strong>Quels sont vos droits ?<\/strong><\/h2>\n\n\n\n<p>Vos droits en tant que personne concern\u00e9e sont les suivants<br>&#8211; le droit d&rsquo;acc\u00e8s<br>&#8211; Droit de modification des donn\u00e9es<br>&#8211; Droit \u00e0 l&rsquo;effacement des donn\u00e9es<br>&#8211; Droit au transfert des donn\u00e9es<br>&#8211; droit d&rsquo;opposition<br>&#8211; Droit \u00e0 la limitation du traitement<\/p>\n\n\n\n<h2 class=\"wp-block-heading\"><strong>7.<\/strong> <strong>Questions ou commentaires ?<\/strong><\/h2>\n\n\n\n<p>Si vous avez une plainte concernant le traitement de vos donn\u00e9es personnelles, veuillez nous contacter \u00e0 l&rsquo;adresse <a href=\"mailto:info@reyns-advocaten.com\">info@reyns-advocaten.com<\/a> ou par \u00e9crit \u00e0 Reyns Advocaten, Grote Baan 68, 9120 Melsele.<br>Si vous estimez toujours que vos donn\u00e9es personnelles n&rsquo;ont pas \u00e9t\u00e9 trait\u00e9es correctement, veuillez contacter la Commission de la protection de la vie priv\u00e9e &#8211; rue de la Presse 35, 1000 Bruxelles, T : 0032 2 274 48 00 ou <a href=\"mailto:commission@privacycommission.be\">commission@privacycommission.be<\/a>.<\/p>\n","protected":false},"excerpt":{"rendered":"<p>Propri\u00e9t\u00e9 de :Advocatenkantoor Reyns BV dont le si\u00e8ge social est situ\u00e9 \u00e0 9120 Beveren-Waas, Grote Baan 68 et inscrit \u00e0 la Banque-Carrefour des Entreprises sous le num\u00e9ro 0547.967.648.repr\u00e9sent\u00e9e par M. Ivan Reyns (administrateur) &#8211; info@reyns-advocaten.com 1. G\u00e9n\u00e9ralit\u00e9s Reyns Advocaten effectue tout traitement de donn\u00e9es \u00e0 caract\u00e8re personnel conform\u00e9ment au r\u00e8glement (UE) 2016\/679 du Parlement europ\u00e9en [&hellip;]<\/p>\n","protected":false},"author":3,"featured_media":0,"parent":0,"menu_order":0,"comment_status":"closed","ping_status":"open","template":"template_text.php","meta":{"_acf_changed":false,"om_disable_all_campaigns":false,"_monsterinsights_skip_tracking":false,"_monsterinsights_sitenote_active":false,"_monsterinsights_sitenote_note":"","_monsterinsights_sitenote_category":0,"footnotes":""},"class_list":["post-4000","page","type-page","status-publish","hentry"],"pp_statuses_selecting_workflow":false,"pp_workflow_action":"current","pp_status_selection":"publish","acf":[],"aioseo_notices":[],"_links":{"self":[{"href":"https:\/\/reyns-advocaten.be\/fr\/wp-json\/wp\/v2\/pages\/4000","targetHints":{"allow":["GET"]}}],"collection":[{"href":"https:\/\/reyns-advocaten.be\/fr\/wp-json\/wp\/v2\/pages"}],"about":[{"href":"https:\/\/reyns-advocaten.be\/fr\/wp-json\/wp\/v2\/types\/page"}],"author":[{"embeddable":true,"href":"https:\/\/reyns-advocaten.be\/fr\/wp-json\/wp\/v2\/users\/3"}],"replies":[{"embeddable":true,"href":"https:\/\/reyns-advocaten.be\/fr\/wp-json\/wp\/v2\/comments?post=4000"}],"version-history":[{"count":0,"href":"https:\/\/reyns-advocaten.be\/fr\/wp-json\/wp\/v2\/pages\/4000\/revisions"}],"wp:attachment":[{"href":"https:\/\/reyns-advocaten.be\/fr\/wp-json\/wp\/v2\/media?parent=4000"}],"curies":[{"name":"wp","href":"https:\/\/api.w.org\/{rel}","templated":true}]}}