{"id":4002,"date":"2023-08-16T10:29:27","date_gmt":"2023-08-16T08:29:27","guid":{"rendered":"https:\/\/reyns-advocaten.be\/about\/"},"modified":"2024-08-08T16:30:24","modified_gmt":"2024-08-08T14:30:24","slug":"a-propos-de-reyns","status":"publish","type":"page","link":"https:\/\/reyns-advocaten.be\/fr\/a-propos-de-reyns\/","title":{"rendered":"\u00c0 propos de Reyns"},"content":{"rendered":"\n<div style=\"height:40px\" aria-hidden=\"true\" class=\"wp-block-spacer\"><\/div>\n\n\n<div class=\"wi-block-header\">\n    <div class=\"left\">\n        <div class=\"image-container\">\n            <img decoding=\"async\" src=\"https:\/\/reyns-advocaten.be\/wp-content\/uploads\/2023\/12\/Reyns-Advocaten-Kantoor-.jpeg\" alt=\"\">\n        <\/div>\n    <\/div>\n    <div class=\"right\">\n        <div class=\"content\">\n                        <h2><strong>\u00c0 propos de Reyns<\/strong><\/h2>\n<p class=\"p1\">Reyns Advocaten a \u00e9t\u00e9 fond\u00e9 en 1990 par Me Ivan Reyns. En 2014 et 2016, le cabinet s&rsquo;est agrandi avec l\u2019arriv\u00e9e de Me Nils Verschaeren et Me Alexandre Bastenier en tant qu\u2019associ\u00e9s. D\u00e9but 2024, Me Tom Cielen et Me Nicolas Verhelle ont \u00e9galement \u00e9t\u00e9 nomm\u00e9s associ\u00e9s. Progressivement, le cabinet est ainsi devenu une structure de taille moyenne, compos\u00e9e d\u2019une \u00e9quipe soud\u00e9e de 25 avocats et parajuristes passionn\u00e9s, soutenus par une \u00e9quipe administrative efficace. La taille de notre cabinet nous permet de b\u00e9n\u00e9ficier du meilleur des deux mondes\u00a0: fournir une qualit\u00e9 exceptionnelle dans presque chaque sp\u00e9cialisation du droit tout en restant proche de nos clients, ce qui nous permet d&rsquo;\u00e9tablir des relations personnelles avec chacun d&rsquo;eux.<\/p>\n<p class=\"p1\">Le cabinet a constamment plac\u00e9 les entreprises au c\u0153ur de ses pr\u00e9occupations, c\u2019est pourquoi nous proposons d\u00e9sormais aux entrepreneurs un service complet. Nous nous consid\u00e9rons en effet comme leur extension juridique et les accompagnons depuis la fondation jusqu&rsquo;\u00e0 la cession de leur entreprise. Notre activit\u00e9 couvre le conseil, la m\u00e9diation et la n\u00e9gociation, mais aussi la gestion des litiges.<\/p>\n<p class=\"p2\">Le cabinet est subdivis\u00e9 en diff\u00e9rents d\u00e9partements, chacun compos\u00e9 <a href=\"https:\/\/reyns-advocaten.be\/expertises\/\">d\u2019experts sp\u00e9cialis\u00e9s dans un domaine bien sp\u00e9cifique.<\/a><\/p>\n<p class=\"p1\"><span data-sheets-root=\"1\" data-sheets-value=\"{&quot;1&quot;:2,&quot;2&quot;:&quot;Nous travaillons principalement pour des entreprises (internationales) qui recherchent une approche \u00e0 la fois directe et pragmatique, un haut niveau de professionnalisme et une expertise pouss\u00e9e. Nous attachons une grande importance \u00e0 un suivi rapide, le tout pr\u00e9sent\u00e9 dans une communication transparente et proactive.&quot;}\" data-sheets-userformat=\"{&quot;2&quot;:14721,&quot;3&quot;:{&quot;1&quot;:0,&quot;3&quot;:1},&quot;10&quot;:0,&quot;11&quot;:4,&quot;14&quot;:{&quot;1&quot;:2,&quot;2&quot;:2763306},&quot;15&quot;:&quot;Calibri&quot;,&quot;16&quot;:11}\">Nous travaillons principalement pour des entreprises (internationales) qui recherchent une approche \u00e0 la fois directe et pragmatique, un haut niveau de professionnalisme et une expertise pouss\u00e9e. Nous attachons une grande importance \u00e0 un suivi rapide, le tout pr\u00e9sent\u00e9 dans une communication transparente et proactive.Notre devise est \u00e0 juste titre la suivante\u00a0: une approche cibl\u00e9e pour un r\u00e9sultat efficace.<\/span><\/p>\n<p><span data-sheets-root=\"1\" data-sheets-value=\"{&quot;1&quot;:2,&quot;2&quot;:&quot;Notre devise est \u00e0 juste titre la suivante\u00a0: une approche cibl\u00e9e pour un r\u00e9sultat efficace.&quot;}\" data-sheets-userformat=\"{&quot;2&quot;:14721,&quot;3&quot;:{&quot;1&quot;:0,&quot;3&quot;:1},&quot;10&quot;:0,&quot;11&quot;:4,&quot;14&quot;:{&quot;1&quot;:2,&quot;2&quot;:2763306},&quot;15&quot;:&quot;Calibri&quot;,&quot;16&quot;:11}\">Notre devise est \u00e0 juste titre la suivante\u00a0: une approche cibl\u00e9e pour un r\u00e9sultat efficace.<\/span><\/p>\n        <\/div>\n            <\/div>\n<\/div>\n\n\n\n<div style=\"height:120px\" aria-hidden=\"true\" class=\"wp-block-spacer\"><\/div>\n\n\n\n<div class=\"wp-block-columns is-layout-flex wp-container-core-columns-is-layout-9d6595d7 wp-block-columns-is-layout-flex\">\n<div class=\"wp-block-column is-layout-flow wp-block-column-is-layout-flow\">\n<h2 class=\"wp-block-heading has-text-align-center medium-container has-base-background-background-color has-background\">Notre NDA<\/h2>\n\n\n\n<div style=\"height:50px\" aria-hidden=\"true\" class=\"wp-block-spacer\"><\/div>\n<\/div>\n<\/div>\n\n\n\n<div class=\"wp-block-columns medium-container is-layout-flex wp-container-core-columns-is-layout-9d6595d7 wp-block-columns-is-layout-flex\">\n<div class=\"wp-block-column is-layout-flow wp-block-column-is-layout-flow\">\n<h2 class=\"wp-block-heading\">Motiv\u00e9<\/h2>\n\n\n\n<p>La passion pour le droit. Tel est le point de d\u00e9part, mais nous ne nous arr\u00eatons pas l\u00e0. Nous regardons au-del\u00e0 de l&rsquo;aspect juridique. Nous nous reconnaissons dans le dynamisme qui caract\u00e9rise nos clients. Nous faisons preuve d&rsquo;esprit d&rsquo;entreprise en \u00e9tant toujours \u00e0 la pointe de l&rsquo;innovation, avec un seul objectif en t\u00eate : seul le meilleur est suffisant pour nos clients.<\/p>\n\n\n\n<h2 class=\"wp-block-heading\">Sp\u00e9cialis\u00e9<\/h2>\n\n\n\n<p>Utiliser une expertise cibl\u00e9e et toujours fournir des solutions. Nous offrons une expertise dans divers domaines juridiques. Nous maintenons notre expertise en investissant continuellement dans la gestion du savoir. Et pour les questions pour lesquelles nous ne disposons pas de connaissances sp\u00e9cialis\u00e9es en interne, nous nous tournons vers des bureaux sp\u00e9cialis\u00e9s avec lesquels nous avons tiss\u00e9 depuis de nombreuses ann\u00e9es un partenariat durable. Ainsi, vous \u00eates certain d&rsquo;\u00eatre assist\u00e9 par un sp\u00e9cialiste dans le domaine.<\/p>\n\n\n\n<h2 class=\"wp-block-heading\">Pragmatique<\/h2>\n\n\n\n<p>Des solutions r\u00e9alisables, voil\u00e0 ce qui importe. Des solutions qui vous satisfont et sont ax\u00e9es sur la gestion des conflits. Une approche pragmatique plut\u00f4t que des consid\u00e9rations th\u00e9oriques qui, au bout du compte, ne vous aideront pas. Ce faisant, nous \u00e9valuons toujours les co\u00fbts par rapport aux b\u00e9n\u00e9fices. Pas d&rsquo;efficacit\u00e9 sans cr\u00e9ativit\u00e9 utile.<\/p>\n<\/div>\n\n\n\n<div class=\"wp-block-column is-layout-flow wp-block-column-is-layout-flow\">\n<h2 class=\"wp-block-heading\" style=\"text-transform:capitalize\">Personnel<\/h2>\n\n\n\n<p>Du sur mesure, pas de travail \u00e0 la cha\u00eene. Chaque question ou probl\u00e8me n\u00e9cessite une approche unique. Chez nous, vous n&rsquo;\u00eates pas un num\u00e9ro. Pour les entrepreneurs, nous sommes l&rsquo;extension de l&rsquo;entreprise. Pour les particuliers, nous sommes le guide \u00e0 travers la complexit\u00e9 juridique. C&rsquo;est la seule mani\u00e8re de parvenir \u00e0 des solutions efficaces.<\/p>\n\n\n\n<h2 class=\"wp-block-heading\">Rapide<\/h2>\n\n\n\n<p>Le temps est pr\u00e9cieux. Les questions ou probl\u00e8mes juridiques surgissent souvent de mani\u00e8re inattendue et inopportune. Nous en sommes bien conscients. Vous recherchez une solution rapide et pratique. D\u00e8s que vous nous en informez, nous vous contactons et vous donnons des conseils et un plan d&rsquo;action concrets dans les plus brefs d\u00e9lais. La rapidit\u00e9 est notre atout pour vous aider de mani\u00e8re efficace et cibl\u00e9e.<\/p>\n\n\n\n<div style=\"height:43px\" aria-hidden=\"true\" class=\"wp-block-spacer\"><\/div>\n\n\n\n<h2 class=\"wp-block-heading\">Clair dans sa communication<\/h2>\n\n\n\n<p>Communiquer clairement, sans perdre de vue les nuances juridiques importantes. Des conseils juridiques concrets et pratiques dans un &lsquo;langage humain&rsquo;. Dans notre communication, nous misons sur la clart\u00e9 &#8211; ainsi que sur le co\u00fbt de nos services. Vous savez toujours o\u00f9 nous nous trouvons et o\u00f9 nous allons. Une communication cibl\u00e9e.<\/p>\n<\/div>\n<\/div>\n\n\n\n<div class=\"wp-block-columns medium-container is-layout-flex wp-container-core-columns-is-layout-9d6595d7 wp-block-columns-is-layout-flex\">\n<div class=\"wp-block-column is-layout-flow wp-block-column-is-layout-flow\">\n<div style=\"height:62px\" aria-hidden=\"true\" class=\"wp-block-spacer\"><\/div>\n\n\n\n<h2 class=\"wp-block-heading has-text-align-center has-base-background-background-color has-background\">Entrepreneuriat responsable et durable<\/h2>\n\n\n\n<div style=\"height:40px\" aria-hidden=\"true\" class=\"wp-block-spacer\"><\/div>\n\n\n\n<p class=\"has-text-align-left\">La durabilit\u00e9 constitue aujourd\u2019hui un concept capital. Toute entreprise, y compris la plus prosp\u00e8re, a le devoir l\u00e9gal et\/ou au moins moral de concilier la mise sur le march\u00e9 d&rsquo;un produit ou service rentable avec le respect de l&rsquo;environnement et les objectifs de durabilit\u00e9 connexes. Dans notre monde complexe, il s&rsquo;agit ind\u00e9niablement d&rsquo;un v\u00e9ritable d\u00e9fi&nbsp;! En tant que PME, il est essentiel d&rsquo;adopter une vision tourn\u00e9e vers l&rsquo;avenir et de prendre d\u00e8s maintenant des mesures dans la bonne direction.&nbsp;<\/p>\n\n\n\n<p class=\"has-text-align-left\">Reyns Advocaten s\u2019efforce d\u2019honorer diff\u00e9rents engagements&nbsp;:<\/p>\n\n\n\n<p><\/p>\n\n\n\n<div class=\"wp-block-columns is-layout-flex wp-container-core-columns-is-layout-9d6595d7 wp-block-columns-is-layout-flex\">\n<div class=\"wp-block-column is-layout-flow wp-block-column-is-layout-flow\">\n<h3 class=\"wp-block-heading\">Durabilit\u00e9 de ses immeubles de bureau<\/h3>\n\n\n\n<p class=\"has-text-align-left\">Des techniques \u00ab&nbsp;vertes&nbsp;\u00bb ont \u00e9t\u00e9 int\u00e9gr\u00e9es dans le processus de construction de nos nouveaux bureaux \u00e0 Melsele. Les toits ont \u00e9t\u00e9 \u00e9quip\u00e9s de panneaux solaires, des forages g\u00e9othermiques permettent d\u2019extraire la chaleur du sous-sol pour le chauffage, et le parking a \u00e9t\u00e9 dot\u00e9 de plusieurs bornes de recharge \u00e9lectrique afin d&rsquo;encourager non seulement nos collaborateurs, mais aussi nos clients \u00e0 privil\u00e9gier autant que possible la mobilit\u00e9 \u00e9lectrique.<\/p>\n\n\n\n<p class=\"has-text-align-left\">Tous les dossiers sont accessibles \u00e0 nos collaborateurs sous forme num\u00e9rique dans le cloud. Nous nous effor\u00e7ons chaque ann\u00e9e de diminuer le nombre de dossiers physiques afin de r\u00e9duire l&rsquo;utilisation de papier.<\/p>\n<\/div>\n\n\n\n<div class=\"wp-block-column is-layout-flow wp-block-column-is-layout-flow\">\n<h3 class=\"wp-block-heading has-text-align-left\">Contribuer \u00e0 des projets de reforestation<\/h3>\n\n\n\n<p>Notre cabinet soutient avec enthousiasme les initiatives mises en place par Go Forest. Pour chaque nouveau dossier ouvert au cabinet, nous faisons planter un arbre<br><a href=\"https:\/\/goforest.be\/fr\/nos-projets\/\">au Congo, dans le cadre d&rsquo;un projet de reforestation visant notamment \u00e0 soutenir la biodiversit\u00e9 et \u00e0 r\u00e9duire les \u00e9missions de CO2. Nous plantons ainsi plus de 1000 arbres chaque ann\u00e9e&nbsp;! Nous vous invitons \u00e0 d\u00e9couvrir les diff\u00e9rents projets propos\u00e9s par Go Forest.<\/a> <\/p>\n\n\n\n<h3 class=\"wp-block-heading has-text-align-left\">Soutenir diverses organisations caritatives<\/h3>\n\n\n\n<p class=\"has-text-align-left\">Chaque ann\u00e9e, nous nous effor\u00e7ons de soutenir diverses organisations caritatives. Un de nos engagements r\u00e9guliers est notre contribution \u00e0 SOS VILLAGES D&rsquo;ENFANTS pendant l\u2019initiative \u00ab&nbsp;De Warmste week&nbsp;\u00bb.<\/p>\n\n\n\n<div style=\"height:22px\" aria-hidden=\"true\" class=\"wp-block-spacer\"><\/div>\n<\/div>\n<\/div>\n\n\n\n<h2 class=\"wp-block-heading has-text-align-center has-base-background-background-color has-background\">Personnes<\/h2>\n\n\n\n<div style=\"height:40px\" aria-hidden=\"true\" class=\"wp-block-spacer\"><\/div>\n\n\n\n<p class=\"medium-container\">Nous nous attachons \u00e0 encourager une communication ouverte ainsi qu&rsquo;un haut niveau d&rsquo;engagement sur le lieu de travail, afin que chacun puisse, dans la mesure du possible et en fonction de ses propres talents, influencer le fonctionnement et l&rsquo;avenir du cabinet. Nous sommes convaincus qu\u2019encourager les personnes \u00e0 s&rsquo;engager et \u00e0 endosser des responsabilit\u00e9s les stimule et augmente leur satisfaction.<\/p>\n\n\n\n<p><\/p>\n\n\n\n<p class=\"medium-container\">Nous tenons compte autant que possible des d\u00e9fis personnels de chacun et, en tant qu&rsquo;\u00e9quipe, offrons un filet de s\u00e9curit\u00e9 en cas de besoin.<\/p>\n\n\n\n<p><\/p>\n\n\n\n<p class=\"medium-container\">L&rsquo;adage \u00ab&nbsp;un esprit sain dans un corps sain&nbsp;\u00bb est une valeur que nous partageons. Notre cabinet est \u00e9quip\u00e9 de bureaux assis\/debout, des fruits sont mis \u00e0 la disposition de chacun quotidiennement et divers d\u00e9fis sportifs sont encourag\u00e9s. Outre notre participation annuelle aux \u00ab&nbsp;10 miles&nbsp;\u00bb d&rsquo;Anvers, un coach sportif vient \u00e9galement au cabinet chaque semaine pour proposer diverses s\u00e9ances de sport.<\/p>\n<\/div>\n<\/div>\n\n\n\n<div style=\"height:108px\" aria-hidden=\"true\" class=\"wp-block-spacer\"><\/div>\n\n\n\n<div class=\"wp-block-media-text has-media-on-the-right is-stacked-on-mobile\"><div class=\"wp-block-media-text__content\">\n<p>N&rsquo;h\u00e9sitez pas \u00e0 nous contacter pour obtenir davantage d&rsquo;informations ou faire plus ample connaissance.<\/p>\n\n\n\n<div class=\"wp-block-buttons is-layout-flex wp-block-buttons-is-layout-flex\">\n<div class=\"wp-block-button\"><a class=\"wp-block-button__link wp-element-button\" href=\"https:\/\/reyns-advocaten.be\/contact\/\">Posez votre question<\/a><\/div>\n<\/div>\n<\/div><figure class=\"wp-block-media-text__media\"><img fetchpriority=\"high\" decoding=\"async\" width=\"1500\" height=\"1000\" src=\"https:\/\/reyns-advocaten.be\/wp-content\/uploads\/2023\/10\/FotoHildeCollier-Bedrijfsfotografie-ReynsAdvocaten-104-2-min-1500x1000.jpg\" alt=\"\" class=\"wp-image-1824 size-full\" srcset=\"https:\/\/reyns-advocaten.be\/wp-content\/uploads\/2023\/10\/FotoHildeCollier-Bedrijfsfotografie-ReynsAdvocaten-104-2-min-1500x1000.jpg 1500w, https:\/\/reyns-advocaten.be\/wp-content\/uploads\/2023\/10\/FotoHildeCollier-Bedrijfsfotografie-ReynsAdvocaten-104-2-min-300x200.jpg 300w, https:\/\/reyns-advocaten.be\/wp-content\/uploads\/2023\/10\/FotoHildeCollier-Bedrijfsfotografie-ReynsAdvocaten-104-2-min-768x512.jpg 768w, https:\/\/reyns-advocaten.be\/wp-content\/uploads\/2023\/10\/FotoHildeCollier-Bedrijfsfotografie-ReynsAdvocaten-104-2-min-1536x1024.jpg 1536w, https:\/\/reyns-advocaten.be\/wp-content\/uploads\/2023\/10\/FotoHildeCollier-Bedrijfsfotografie-ReynsAdvocaten-104-2-min-2048x1365.jpg 2048w\" sizes=\"(max-width: 1500px) 100vw, 1500px\" \/><\/figure><\/div>\n\n\n\n<div style=\"height:120px\" aria-hidden=\"true\" class=\"wp-block-spacer\"><\/div>\n\n\n\n<div class=\"wp-block-columns is-layout-flex wp-container-core-columns-is-layout-9d6595d7 wp-block-columns-is-layout-flex\">\n<div class=\"wp-block-column is-layout-flow wp-block-column-is-layout-flow\">\n<p class=\"has-text-align-center has-small-font-size\"><\/p>\n<\/div>\n<\/div>\n\n\n\n<div style=\"height:120px\" aria-hidden=\"true\" class=\"wp-block-spacer\"><\/div>\n\n\n<div class=\"wi-block-expertise-related background-enabled\">\n    <div class=\"block-container\">\n        <h2>Expertises<\/h2>\n                    <div class=\"expertises-container\" >\n                                                                            <div class=\"expertise-container expertise-4425\" >\n                            <div class=\"title\">\n                                <h3>Entreprises<\/h3>\n                                <div class=\"plus-container\">\n                                    <span style=\"background-color: #2a2a2a\"><\/span>\n                                    <span style=\"background-color: #2a2a2a\"><\/span>\n                                <\/div>  \n                             <\/div>\n                            <div class=\"content\">\n                                Chaque entreprise est confront\u00e9e quotidiennement \u00e0 une diversit\u00e9 de situations juridiques propres au monde des affaires.<br \/>\r\n<br \/>\r\nNos avocats sp\u00e9cialis\u00e9s en droit des entreprises vous offrent conseils et assistance pour la r\u00e9daction et la r\u00e9vision de contrats de droit commercial vari\u00e9s et vous fournissent des conseils juridiques en cas de litiges de droit commercial. Nous vous accompagnons dans vos n\u00e9gociations et assurons votre repr\u00e9sentation devant les tribunaux et les instances d&rsquo;arbitrage.                                <a href=\"https:\/\/reyns-advocaten.be\/fr\/entreprises\/\" class=\"read-more\">Lire plus<\/a>\n                            <\/div>                   \n                    <\/div>\n                                                                            <div class=\"expertise-container expertise-4127\" >\n                            <div class=\"title\">\n                                <h3>Fiscalit\u00e9<\/h3>\n                                <div class=\"plus-container\">\n                                    <span style=\"background-color: #2a2a2a\"><\/span>\n                                    <span style=\"background-color: #2a2a2a\"><\/span>\n                                <\/div>  \n                             <\/div>\n                            <div class=\"content\">\n                                Nous conseillons et accompagnons les entreprises, organisations, particuliers et autorit\u00e9s locales pour toutes les questions fiscales ainsi que dans le cadre de proc\u00e9dures et litiges de droit fiscal.Nous proposons un service complet et proactif, en fournissant des conseils fiscaux \u00e0 la fois experts et accessibles, couvrant l&rsquo;ensemble des domaines du droit fiscal. Nous fournissons \u00e9galement des conseils fiscaux dans le cadre du d\u00e9veloppement de votre entreprise et de votre planification patrimoniale.                                <a href=\"https:\/\/reyns-advocaten.be\/fr\/fiscalite\/\" class=\"read-more\">Lire plus<\/a>\n                            <\/div>                   \n                    <\/div>\n                                                                            <div class=\"expertise-container expertise-4095\" >\n                            <div class=\"title\">\n                                <h3>Soci\u00e9t\u00e9s et Fusions &amp; Acquisitions<\/h3>\n                                <div class=\"plus-container\">\n                                    <span style=\"background-color: #2a2a2a\"><\/span>\n                                    <span style=\"background-color: #2a2a2a\"><\/span>\n                                <\/div>  \n                             <\/div>\n                            <div class=\"content\">\n                                Chez Reyns Advocaten, nous saisissons pleinement la complexit\u00e9 du droit des soci\u00e9t\u00e9s et les d\u00e9fis rencontr\u00e9s par les entreprises et les entrepreneurs lors de la constitution, la gestion et la restructuration de soci\u00e9t\u00e9s. Notre \u00e9quipe exp\u00e9riment\u00e9e de sp\u00e9cialistes du droit des soci\u00e9t\u00e9s se tient \u00e0 votre disposition pour vous conseiller et vous accompagner dans toutes les facettes du droit des soci\u00e9t\u00e9s.                                <a href=\"https:\/\/reyns-advocaten.be\/fr\/societes-et-fusions-acquisitions\/\" class=\"read-more\">Lire plus<\/a>\n                            <\/div>                   \n                    <\/div>\n                                                                            <div class=\"expertise-container expertise-4432\" >\n                            <div class=\"title\">\n                                <h3>PI, TIC ET RGPD<\/h3>\n                                <div class=\"plus-container\">\n                                    <span style=\"background-color: #2a2a2a\"><\/span>\n                                    <span style=\"background-color: #2a2a2a\"><\/span>\n                                <\/div>  \n                             <\/div>\n                            <div class=\"content\">\n                                Dans un monde de plus en plus dirig\u00e9 par la technologie, le droit de propri\u00e9t\u00e9 intellectuelle, le droit des TIC et la l\u00e9gislation relative \u00e0 la protection de la vie priv\u00e9e et des donn\u00e9es constituent trois domaines juridiques cruciaux qui accompagnent la r\u00e9volution num\u00e9rique et garantissent l&rsquo;\u00e9quilibre fragile entre innovation et protection.                                <a href=\"https:\/\/reyns-advocaten.be\/fr\/ip-ict-gdpr\/\" class=\"read-more\">Lire plus<\/a>\n                            <\/div>                   \n                    <\/div>\n                                                                            <div class=\"expertise-container expertise-4105\" >\n                            <div class=\"title\">\n                                <h3>Insolvabilit\u00e9<\/h3>\n                                <div class=\"plus-container\">\n                                    <span style=\"background-color: #2a2a2a\"><\/span>\n                                    <span style=\"background-color: #2a2a2a\"><\/span>\n                                <\/div>  \n                             <\/div>\n                            <div class=\"content\">\n                                Si la continuit\u00e9 des activit\u00e9s de votre entreprise est menac\u00e9e, que soit imm\u00e9diatement ou \u00e0 terme, votre entreprise court le risque d\u2019\u2018insolvabilit\u00e9 imminente\u2019. Pour \u00e9viter la faillite, nous vous accompagnons dans la r\u00e9organisation de votre entreprise en difficult\u00e9. Ensemble, nous veillons \u00e0 prot\u00e9ger votre entreprise contre ses cr\u00e9anciers et tentons ainsi d&rsquo;assurer sa survie. Il en va de l&rsquo;int\u00e9r\u00eat de tous\u00a0: de l&rsquo;entrepreneur, de l&rsquo;entreprise et de ses cr\u00e9anciers.                                <a href=\"https:\/\/reyns-advocaten.be\/fr\/insolvabilite\/\" class=\"read-more\">Lire plus<\/a>\n                            <\/div>                   \n                    <\/div>\n                                                                            <div class=\"expertise-container expertise-4109\" >\n                            <div class=\"title\">\n                                <h3>Int\u00e9r\u00eats familiaux<\/h3>\n                                <div class=\"plus-container\">\n                                    <span style=\"background-color: #2a2a2a\"><\/span>\n                                    <span style=\"background-color: #2a2a2a\"><\/span>\n                                <\/div>  \n                             <\/div>\n                            <div class=\"content\">\n                                Tant le droit des personnes et de la famille que le droit patrimonial de la famille constituent des domaines juridiques par excellence o\u00f9, au-del\u00e0 des aspects mat\u00e9riels, les \u00e9motions personnelles jouent \u00e9galement un r\u00f4le capital. C&rsquo;est pr\u00e9cis\u00e9ment dans ce contexte que l&rsquo;exp\u00e9rience pratique, l&rsquo;expertise juridique et l&rsquo;approche personnalis\u00e9e de nos avocats prennent tout leur sens.                                <a href=\"https:\/\/reyns-advocaten.be\/fr\/interets-familiaux\/\" class=\"read-more\">Lire plus<\/a>\n                            <\/div>                   \n                    <\/div>\n                                                                            <div class=\"expertise-container expertise-4114\" >\n                            <div class=\"title\">\n                                <h3>Immobilier<\/h3>\n                                <div class=\"plus-container\">\n                                    <span style=\"background-color: #2a2a2a\"><\/span>\n                                    <span style=\"background-color: #2a2a2a\"><\/span>\n                                <\/div>  \n                             <\/div>\n                            <div class=\"content\">\n                                Le secteur de l&rsquo;immobilier est tr\u00e8s diversifi\u00e9 et de plus en plus r\u00e9glement\u00e9. La r\u00e9alisation d&rsquo;un projet immobilier implique de nombreuses complexit\u00e9s juridiques, si bien qu\u2019un accompagnement juridique personnalis\u00e9 pour les particuliers et les entrepreneurs ne constitue pas un luxe superflu.                                <a href=\"https:\/\/reyns-advocaten.be\/fr\/mobilier\/\" class=\"read-more\">Lire plus<\/a>\n                            <\/div>                   \n                    <\/div>\n                                                                            <div class=\"expertise-container expertise-4118\" >\n                            <div class=\"title\">\n                                <h3>Droit p\u00e9nal et responsabilit\u00e9s<\/h3>\n                                <div class=\"plus-container\">\n                                    <span style=\"background-color: #2a2a2a\"><\/span>\n                                    <span style=\"background-color: #2a2a2a\"><\/span>\n                                <\/div>  \n                             <\/div>\n                            <div class=\"content\">\n                                Nous d\u00e9fendons r\u00e9guli\u00e8rement les int\u00e9r\u00eats de nos clients devant les juridictions p\u00e9nales.<br \/>\r\nNous disposons de l&rsquo;expertise n\u00e9cessaire en mati\u00e8re de criminalit\u00e9 \u00e9conomique (fraude, escroquerie, abus de confiance, d\u00e9lits de faillite, abus de biens sociaux, faux en \u00e9criture&#8230;) et de droit p\u00e9nal fiscal.                                <a href=\"https:\/\/reyns-advocaten.be\/fr\/droit-penal-et-responsabilites\/\" class=\"read-more\">Lire plus<\/a>\n                            <\/div>                   \n                    <\/div>\n                            <\/div>\n            <\/div>\n<\/div>\n","protected":false},"excerpt":{"rendered":"<p>Notre NDA Motiv\u00e9 La passion pour le droit. Tel est le point de d\u00e9part, mais nous ne nous arr\u00eatons pas l\u00e0. Nous regardons au-del\u00e0 de l&rsquo;aspect juridique. Nous nous reconnaissons dans le dynamisme qui caract\u00e9rise nos clients. Nous faisons preuve d&rsquo;esprit d&rsquo;entreprise en \u00e9tant toujours \u00e0 la pointe de l&rsquo;innovation, avec un seul objectif en [&hellip;]<\/p>\n","protected":false},"author":3,"featured_media":3606,"parent":0,"menu_order":0,"comment_status":"closed","ping_status":"closed","template":"elementor_header_footer","meta":{"_acf_changed":false,"om_disable_all_campaigns":false,"_monsterinsights_skip_tracking":false,"_monsterinsights_sitenote_active":false,"_monsterinsights_sitenote_note":"","_monsterinsights_sitenote_category":0,"footnotes":""},"class_list":["post-4002","page","type-page","status-publish","has-post-thumbnail","hentry"],"pp_statuses_selecting_workflow":false,"pp_workflow_action":"current","pp_status_selection":"publish","acf":[],"aioseo_notices":[],"_links":{"self":[{"href":"https:\/\/reyns-advocaten.be\/fr\/wp-json\/wp\/v2\/pages\/4002","targetHints":{"allow":["GET"]}}],"collection":[{"href":"https:\/\/reyns-advocaten.be\/fr\/wp-json\/wp\/v2\/pages"}],"about":[{"href":"https:\/\/reyns-advocaten.be\/fr\/wp-json\/wp\/v2\/types\/page"}],"author":[{"embeddable":true,"href":"https:\/\/reyns-advocaten.be\/fr\/wp-json\/wp\/v2\/users\/3"}],"replies":[{"embeddable":true,"href":"https:\/\/reyns-advocaten.be\/fr\/wp-json\/wp\/v2\/comments?post=4002"}],"version-history":[{"count":0,"href":"https:\/\/reyns-advocaten.be\/fr\/wp-json\/wp\/v2\/pages\/4002\/revisions"}],"wp:featuredmedia":[{"embeddable":true,"href":"https:\/\/reyns-advocaten.be\/fr\/wp-json\/wp\/v2\/media\/3606"}],"wp:attachment":[{"href":"https:\/\/reyns-advocaten.be\/fr\/wp-json\/wp\/v2\/media?parent=4002"}],"curies":[{"name":"wp","href":"https:\/\/api.w.org\/{rel}","templated":true}]}}